{"id":431,"date":"2017-05-23T10:57:07","date_gmt":"2017-05-23T07:57:07","guid":{"rendered":"http:\/\/www.sanergulsoken.com\/?p=431"},"modified":"2021-11-28T13:38:11","modified_gmt":"2021-11-28T10:38:11","slug":"bodrum-sualti-arkeoloji-muzesi","status":"publish","type":"page","link":"https:\/\/www.sanergulsoken.com\/en\/bodrum-sualti-arkeoloji-muzesi\/","title":{"rendered":"Bodrum Sualt\u0131 Arkeoloji M\u00fczesi"},"content":{"rendered":"\t\t<div data-elementor-type=\"wp-page\" data-elementor-id=\"431\" class=\"elementor elementor-431\">\n\t\t\t\t\t\t\t\t\t<section class=\"elementor-section elementor-top-section elementor-element elementor-element-16a9d4a2 elementor-section-boxed elementor-section-height-default elementor-section-height-default\" data-id=\"16a9d4a2\" data-element_type=\"section\">\n\t\t\t\t\t\t<div class=\"elementor-container elementor-column-gap-default\">\n\t\t\t\t\t<div class=\"elementor-column elementor-col-100 elementor-top-column elementor-element elementor-element-6d93efea\" data-id=\"6d93efea\" data-element_type=\"column\">\n\t\t\t<div class=\"elementor-widget-wrap elementor-element-populated\">\n\t\t\t\t\t\t\t\t<div class=\"elementor-element elementor-element-1d2a0776 elementor-widget elementor-widget-text-editor\" data-id=\"1d2a0776\" data-element_type=\"widget\" data-widget_type=\"text-editor.default\">\n\t\t\t\t<div class=\"elementor-widget-container\">\n\t\t\t<style>\/*! elementor - v3.15.0 - 20-08-2023 *\/\n.elementor-widget-text-editor.elementor-drop-cap-view-stacked .elementor-drop-cap{background-color:#69727d;color:#fff}.elementor-widget-text-editor.elementor-drop-cap-view-framed .elementor-drop-cap{color:#69727d;border:3px solid;background-color:transparent}.elementor-widget-text-editor:not(.elementor-drop-cap-view-default) .elementor-drop-cap{margin-top:8px}.elementor-widget-text-editor:not(.elementor-drop-cap-view-default) .elementor-drop-cap-letter{width:1em;height:1em}.elementor-widget-text-editor .elementor-drop-cap{float:left;text-align:center;line-height:1;font-size:50px}.elementor-widget-text-editor .elementor-drop-cap-letter{display:inline-block}<\/style>\t\t\t\t<p style=\"text-align: left;\">Karayolu ile Bodrum\u2019a girerken sizi, \u00f6nce Halikarnas Bal\u0131k\u00e7\u0131s\u0131, <em>Cevat \u015eakir Kabaa\u011fa\u00e7l\u0131<\/em>\u2019n\u0131n sevimli \u00e7ehresi ve<\/p><p style=\"text-align: left;\"><em>\u201cMerhaba, Yoku\u015fba\u015f\u0131na geldi\u011finde Bodrum&#8217;u g\u00f6receksin. <\/em><em>Sanma ki sen geldi\u011fin gibi gideceksin. <\/em><em>Senden \u00f6ncekiler de b\u00f6yle idiler. <\/em><em>Ak\u0131llar\u0131n\u0131 hep Bodrum&#8217;da b\u0131rak\u0131p gittiler.<\/em><em>\u201d<\/em><\/p><p style=\"text-align: left;\" align=\"justify\">s\u00f6zleri, ard\u0131ndan son viraj\u0131 d\u00f6nd\u00fc\u011f\u00fcn\u00fczde Bodrum Kalesi\u2019nin gizemli silueti kar\u015f\u0131lar. Denizden geldi\u011finizde ise, Bodrum Kalesi, b\u00fct\u00fcn heybeti ile Bodrum\u2019un koruyucusu olarak \u00e7\u0131kar kar\u015f\u0131n\u0131za. Bodrum Kalesi, tan\u0131kl\u0131k etti\u011fi onca y\u0131ll\u0131k tarihi ge\u00e7mi\u015fi yan\u0131nda 1960\u2019lardan bu g\u00fcne \u00e7ok \u00f6nemli bir m\u00fczeye de ev sahipli\u011fi yapmaktad\u0131r; <em>Bodrum Sualt\u0131 Arkeoloji M\u00fczesi. <\/em><\/p><p style=\"text-align: left;\" align=\"justify\">D\u00fcnyada ki \u201cya\u015fayan m\u00fczecili\u011fin\u201d en g\u00fczel \u00f6rneklerinden birisine ev sahipli\u011fi yapan Bodrum Kalesi, ilk olarak <em>Saint John \u015e\u00f6valyeleri<\/em> taraf\u0131ndan yap\u0131lm\u0131\u015ft\u0131r. Aziz Peter\u2019e adanarak St. Peter ad\u0131 ile 1406-1523 (farkl\u0131 kaynaklarda farkl\u0131 tarihler vard\u0131r) 180&#215;185 metre \u00f6l\u00e7\u00fclerinde kare planl\u0131 olarak yap\u0131lan kalenin i\u00e7erisinde, g\u00fcn\u00fcm\u00fczde de\u011fi\u015fik \u00fclke adlar\u0131 verilmi\u015f olan kuleler bulunmaktad\u0131r; \u0130ngiliz Kulesi, Alman Kulesi, Y\u0131lanl\u0131 Kule, \u0130talyan Kulesi ve deniz seviyesinden 47.50 m y\u00fcksekli\u011fi ile en y\u00fcksek kule olan, Frans\u0131z Kulesi.<\/p><p style=\"text-align: left;\" align=\"justify\">De\u011fi\u015fik zamanlarda ve farkl\u0131 ama\u00e7larda yap\u0131lan bu kuleler, g\u00fcn\u00fcm\u00fczde kendi d\u00f6nemlerini yans\u0131tan i\u00e7 yerle\u015ftirmeleri ile m\u00fcze ziyaret\u00e7ilerini \u00e7a\u011flar ve k\u00fclt\u00fcrler aras\u0131nda dola\u015ft\u0131r\u0131r. \u0130ngiliz Kulesi\u2019ne girdi\u011finizde, sizi leydi ve \u015f\u00f6valyeler kar\u015f\u0131layarak kulenin 500 y\u0131ll\u0131k ge\u00e7mi\u015fini g\u00f6zler \u00f6n\u00fcne seren mobilyalar\u0131nda ikramlarda bulunur, bu s\u0131rada kulaklar\u0131n\u0131za o zaman\u0131n m\u00fczikleri gelirken burnunuz bir k\u00f6\u015fede yak\u0131lan t\u00fcts\u00fcn\u00fcn egzotik kokusunu almaktad\u0131r. 26 a\u011fustos 1922&#8217;de B\u00fcy\u00fck Taarruz ba\u015flarken Kocatepe&#8217;de \u015fehit d\u00fc\u015fen Y\u00fczba\u015f\u0131 \u0130brahim Nezihi an\u0131s\u0131na restore edilip ziyarete a\u00e7\u0131lan Komutan Kulesi\u2019ni gezerken ise kalenin o y\u0131llarda ki komutan\u0131 Y\u00fczba\u015f\u0131 R\u0131fat Bey\u2019in g\u00fcnl\u00fck ya\u015fam\u0131nda kulland\u0131\u011f\u0131 g\u00fcndelik e\u015fyalar\u0131, silahlar\u0131 ve madalyalar\u0131 ile Birinci D\u00fcnya Sava\u015f\u0131\u2019n\u0131n s\u0131k\u0131nt\u0131l\u0131 g\u00fcnlerinde bulursunuz kendinizi.<\/p><p style=\"text-align: left;\" align=\"justify\">\u0130n\u015fas\u0131nda antik d\u00fcnyan\u0131n yedi harikas\u0131ndan biri olan Kral Mousollos&#8217;un Mausoleum\u2019un y\u0131k\u0131nt\u0131lar\u0131ndan al\u0131nan s\u00fctun ve b\u00fcy\u00fck ta\u015flar\u0131n da kullan\u0131ld\u0131\u011f\u0131 kale duvarlar\u0131, do\u011fu b\u00f6l\u00fcm\u00fc hari\u00e7, aralar\u0131nda su hendekleri bulunan \u00e7ift beden olarak yap\u0131lm\u0131\u015ft\u0131r. \u0130\u00e7 kaleye \u00fczerlerinde \u00e7e\u015fitli armalar bulunan 7 kap\u0131 sonras\u0131nda ula\u015f\u0131l\u0131r.<\/p><p style=\"text-align: left;\" align=\"justify\">\u0130\u00e7 kalenin avlusu, i\u00e7inde Do\u011fu Roma Bat\u0131\u011f\u0131 sergilemesi bulunan ve Osmanl\u0131 d\u00f6neminde minare eklenerek camiye d\u00f6n\u00fc\u015ft\u00fcr\u00fclen \u015fapelin harika mimarisi yan\u0131 s\u0131ra, \u00f6zenle bak\u0131lan binbir renk ve kokuda ki bitki, k\u00fc\u00e7\u00fck bir mutluluk \u015foku yarat\u0131r m\u00fcze ziyaret\u00e7ilerinde. Sualt\u0131ndan \u00e7\u0131kart\u0131larak avluda sergilenen binlerce y\u0131ll\u0131k amforalar\u0131 seyrederken, ayaklar\u0131n\u0131z\u0131n alt\u0131nda g\u00fcvercinler dola\u015f\u0131yor olacakt\u0131r.<\/p><p style=\"text-align: left;\" align=\"justify\">Bodrum Kalesi, 19. yuzy\u0131l sonlar\u0131na do\u011fru hapishane olarak kullan\u0131lmaya ba\u015flanm\u0131\u015f, bu d\u00f6nemde ki en \u00f6nemli misafiri Halikarnas Bal\u0131k\u00e7\u0131s\u0131 olarak bilinen Cevat \u015eakir Kabaa\u011fa\u00e7l\u0131 olan kaleye bir de hamam eklenmi\u015ftir. D\u00f6rt ana b\u00f6l\u00fcmden olu\u015fan ve Osmanl\u0131-T\u00fcrk hamam k\u00fclt\u00fcr\u00fcn\u00fc g\u00f6zler \u00f6n\u00fcne seren bu yap\u0131, restore edilerek 1991 y\u0131l\u0131nda sergilemeye a\u00e7\u0131lm\u0131\u015ft\u0131r.<\/p><p style=\"text-align: left;\" align=\"justify\">Birbirinden farkl\u0131 bir \u00e7ok objenin sergilendi\u011fi Bodrum Sualt\u0131 Arkeoloji M\u00fczesi\u2019nin as\u0131l ve \u00f6nemli sergilemelerini, denizlerimizden \u00e7\u0131kart\u0131lan ve arkeolojik de\u011ferleri olduk\u00e7a y\u00fcksek olan eserler olu\u015fturmaktad\u0131r. Bunlar\u0131n en \u00f6nemlisi \u201c<em>D\u00fcnyan\u0131n bilinen en eski bat\u0131\u011f\u0131<\/em>\u201d olan; Uluburun Bat\u0131\u011f\u0131 ve ondan \u00e7\u0131kart\u0131lan bak\u0131r k\u00fcl\u00e7eler, el aletleri, ziynet e\u015fyalar\u0131 ve M\u0131s\u0131r Krali\u00e7esi Nefertiti nin harika m\u00fchr\u00fcd\u00fcr. Bunun yan\u0131nda i\u00e7inden \u00e7\u0131kart\u0131lan y\u00fczlerce cam e\u015fyas\u0131 ile Cam Bat\u0131\u011f\u0131, sapasa\u011flam \u00e7\u0131kart\u0131lan amforalar\u0131 ile Tekta\u015f Bat\u0131\u011f\u0131n\u0131 g\u00f6rd\u00fc\u011f\u00fcn\u00fczde, Bodrum\u2019da m\u00fcze dola\u015fmak i\u00e7in zaman ay\u0131rd\u0131\u011f\u0131n\u0131za mutlu etmeye yeter.<\/p><p style=\"text-align: left;\" align=\"justify\">Ayr\u0131ca; Bodrum\u2019da bir temel kaz\u0131s\u0131 s\u0131ras\u0131nda \u015fans eseri bulunan Karya Satrab\u0131 Hecatomnus\u2019un k\u0131z\u0131 Ada\u2019ya ait e\u015fyalar\u0131n sergilendi\u011fi Kayral\u0131 Prenses Salonu, \u00fcrk\u00fct\u00fcc\u00fc d\u00fczenlemesi ile \u00e7ocuklar\u0131n yaln\u0131z girmesine izin verilmeyen i\u015fkence odas\u0131 ve hapishane olarak kullan\u0131lan Zindan b\u00f6l\u00fcm\u00fc, m\u00fczeyi gezerken size farkl\u0131 tatlar yaratacakt\u0131r.<\/p><p style=\"text-align: left;\" align=\"justify\">T\u00fcm bunlar\u0131n yan\u0131 s\u0131ra, kule ve surlar\u0131ndan g\u00f6rebilece\u011finiz nefis deniz manzaras\u0131, gezinize bir \u201ces\u201d vermek i\u00e7in oturup so\u011fuk bir \u015feyler i\u00e7ece\u011finiz, serin ve ku\u015f c\u0131v\u0131lt\u0131l\u0131 kafeteryalar\u0131, bir botanik park\u0131 g\u00f6r\u00fcn\u00fcm\u00fcnde ki y\u00fcr\u00fcme yollar\u0131 ile Bodrum Sualt\u0131 Arkeoloji M\u00fczesi sizleri bekliyor.<\/p><p style=\"text-align: left;\" align=\"justify\">Viraneden m\u00fczeye\u2026<\/p><p style=\"text-align: left;\" align=\"justify\">Bu e\u015fsiz m\u00fczenin, viran bir kaleden m\u00fczeye d\u00f6n\u00fc\u015ft\u00fcr\u00fclmesinin ilk ad\u0131mlar\u0131n\u0131 1958 y\u0131l\u0131nda \u0130zmir Arkeoloji M\u00fczesi M\u00fcd\u00fcr\u00fc Hakk\u0131 G\u00fcltekin atm\u0131\u015ft\u0131r. G\u00fcltekin, g\u00fcn\u00fcm\u00fczde sualt\u0131 arkeolojisinin babas\u0131 olarak tan\u0131nan George F. Bass ve Amerikal\u0131 gazeteci Peter Trockmorton ile birlikte, o g\u00fcnlerde s\u00fcngercilerin buldu\u011fu ve bal\u0131k\u00e7\u0131lar\u0131n a\u011flar\u0131na tak\u0131lan antik buluntular\u0131n sergilenmeleri i\u00e7in ilk \u00e7al\u0131\u015fmalar\u0131 ba\u015flatm\u0131\u015ft\u0131r.<\/p><p style=\"text-align: left;\" align=\"justify\">O y\u0131llarda sualt\u0131 arkeolojisi gen\u00e7 bir disiplin olarak geli\u015firken, gerek \u015fans eseri bulunan gerekse yap\u0131lan sualt\u0131 (denizalt\u0131) kaz\u0131lar\u0131ndan \u00e7\u0131kart\u0131lan eserlerin sergilenece\u011fi bir m\u00fczenin olmas\u0131 gereklili\u011fine kay\u0131ts\u0131z kalmayan T\u00fcrk h\u00fck\u00fcmeti, 1961 y\u0131l\u0131nda m\u00fczenin kurulmas\u0131na karar vermi\u015f ve K\u00fclt\u00fcr Bakanl\u0131\u011f\u0131\u2019na ba\u011fl\u0131 olarak kurulan m\u00fczenin ilk m\u00fcd\u00fcr\u00fc Haluk Elbe olmu\u015ftur.<\/p><p style=\"text-align: left;\" align=\"justify\">Haluk Elbe \u00f6ncelikle, kalenin onar\u0131m i\u015flerine h\u0131z vermi\u015ftir.Yapt\u0131\u011f\u0131 ba\u015far\u0131l\u0131 \u00e7al\u0131\u015fmalar nedeniyle, g\u00fcn\u00fcm\u00fczde m\u00fczenin giri\u015finde yer alan sanat galerisine ismi verilen Haluk Elbe, ayn\u0131 zamanda kalenin g\u00fczelle\u015ftirilmesi i\u00e7in de \u00e7al\u0131\u015fm\u0131\u015f, a\u011fa\u00e7 ve \u00e7i\u00e7eklerin dikilmesini sa\u011flam\u0131\u015ft\u0131r.<\/p><p style=\"text-align: left;\" align=\"justify\">Haluk Elbe\u2019nin ard\u0131ndan m\u00fcze m\u00fcd\u00fcrl\u00fc\u011f\u00fc g\u00f6revini s\u0131ras\u0131yla; Nurettin Yard\u0131mc\u0131 (1973-75), \u0130lhan \u00a0Ak\u015fit (1976-1978) ve O\u011fuz Alp\u00f6zen (1978-2005) y\u00fcr\u00fctm\u00fc\u015ft\u00fcr. Bodrum Sualt\u0131 Arkeoloji M\u00fczesi\u2019nin m\u00fcd\u00fcrl\u00fc\u011f\u00fcn\u00fc bu g\u00fcn Ya\u015far Y\u0131ld\u0131z y\u00fcr\u00fctmektedir.<\/p><p style=\"text-align: left;\" align=\"justify\">S\u00fcrekli kendini geli\u015ftiren ve yenileyen m\u00fczenin g\u00fcn\u00fcm\u00fczdeki halini almas\u0131, bu konuda olduk\u00e7a ba\u015far\u0131l\u0131 \u00e7al\u0131\u015fmalar yapan O\u011fuz Alp\u00f6zen zaman\u0131nda ger\u00e7ekle\u015fmi\u015ftir. G\u00fcn\u00fcm\u00fcz m\u00fczecili\u011finde olduk\u00e7a \u00f6nemli olan, \u201c<em>sergilenen eserlerin ilgili tarihlerdeki ya\u015fam ko\u015fullar\u0131yla sergilenmesi<\/em>\u201d ana fikri, Alp\u00f6zen taraf\u0131ndan uygulanmaya ba\u015flanm\u0131\u015f ve olduk\u00e7a da ba\u015far\u0131l\u0131 olmu\u015ftur. Ayn\u0131 d\u00f6nemde m\u00fcze y\u00f6netimi Teksas A.M. \u00dcniversitesi\u2019ne ba\u011fl\u0131 olarak \u00e7al\u0131\u015fan INA (Institute of Nautical Archaeology) ile birlikte \u00e7al\u0131\u015f\u0131lmaya ba\u015flanm\u0131\u015f ve sa\u011flanan bilgi ve parasal kaynak, Bodrum Sualt\u0131 Arkeoloji M\u00fczesi\u2019nin, d\u00fcnyan\u0131n say\u0131l\u0131 sualt\u0131 m\u00fczeleri aras\u0131na girmesini sa\u011flam\u0131\u015ft\u0131r.<\/p><p style=\"text-align: left;\" align=\"justify\">&#8220;<em>Certificate of Special Commendation 1995<\/em>&#8221; \u00f6d\u00fcl\u00fc sahibi olan \u201cBodrum Sualt\u0131 Arkeoloji M\u00fczesi\u201d halen d\u00fcnyada ki en \u00f6nemli sualt\u0131 m\u00fczelerinden birisidir.<\/p><p style=\"text-align: left;\" align=\"justify\"><em>Travelzone Dergisi<\/em><\/p><p style=\"text-align: left;\" align=\"justify\"><em>Yazar\u0131n Notu: Avrupa&#8217;dan 52 m\u00fczenin kat\u0131ld\u0131\u011f\u0131 &#8220;Y\u0131l\u0131n m\u00fczesi&#8221; \u00f6d\u00fcl\u00fcne aday g\u00f6sterilen &#8220;Bodrum Sualt\u0131 Arkeoloji M\u00fczesi&#8221; Ko\u015fullar\u0131 yerine getiren 45 kabul edilen yar\u0131\u015fmac\u0131 aras\u0131ndan 20 finalist aras\u0131na girmeyi ba\u015farm\u0131\u015f ve T\u00fcrkiye&#8217;yi temsil ederek &#8220;Certificate of Special Commendation 1995&#8221; \u00f6d\u00fcl\u00fcn\u00fc 10 Haziran&#8217;da \u0130sve\u00e7&#8217;te kazanm\u0131\u015ft\u0131r.<\/em><\/p><p><img decoding=\"async\" loading=\"lazy\" class=\"size-full wp-image-432\" src=\"https:\/\/www.sanergulsoken.com\/wp-content\/uploads\/2017\/05\/yilin-muzesi-1995.png\" alt=\"\" width=\"171\" height=\"180\" \/><\/p><p style=\"text-align: left;\" align=\"justify\"><em>\u00a0<\/em>Certificate of Special Commendation 1995<\/p>\t\t\t\t\t\t<\/div>\n\t\t\t\t<\/div>\n\t\t\t\t\t<\/div>\n\t\t<\/div>\n\t\t\t\t\t\t\t<\/div>\n\t\t<\/section>\n\t\t\t\t<section class=\"elementor-section elementor-top-section elementor-element elementor-element-a5655cd elementor-section-boxed elementor-section-height-default elementor-section-height-default\" data-id=\"a5655cd\" data-element_type=\"section\">\n\t\t\t\t\t\t<div class=\"elementor-container elementor-column-gap-default\">\n\t\t\t\t\t<div class=\"elementor-column elementor-col-100 elementor-top-column elementor-element elementor-element-eaa06be\" data-id=\"eaa06be\" data-element_type=\"column\">\n\t\t\t<div class=\"elementor-widget-wrap elementor-element-populated\">\n\t\t\t\t\t\t\t\t<div class=\"elementor-element elementor-element-95435d7 elementor-widget elementor-widget-spacer\" data-id=\"95435d7\" data-element_type=\"widget\" data-widget_type=\"spacer.default\">\n\t\t\t\t<div class=\"elementor-widget-container\">\n\t\t\t<style>\/*! elementor - v3.15.0 - 20-08-2023 *\/\n.elementor-column .elementor-spacer-inner{height:var(--spacer-size)}.e-con{--container-widget-width:100%}.e-con-inner>.elementor-widget-spacer,.e-con>.elementor-widget-spacer{width:var(--container-widget-width,var(--spacer-size));--align-self:var(--container-widget-align-self,initial);--flex-shrink:0}.e-con-inner>.elementor-widget-spacer>.elementor-widget-container,.e-con-inner>.elementor-widget-spacer>.elementor-widget-container>.elementor-spacer,.e-con>.elementor-widget-spacer>.elementor-widget-container,.e-con>.elementor-widget-spacer>.elementor-widget-container>.elementor-spacer{height:100%}.e-con-inner>.elementor-widget-spacer>.elementor-widget-container>.elementor-spacer>.elementor-spacer-inner,.e-con>.elementor-widget-spacer>.elementor-widget-container>.elementor-spacer>.elementor-spacer-inner{height:var(--container-widget-height,var(--spacer-size))}<\/style>\t\t<div class=\"elementor-spacer\">\n\t\t\t<div class=\"elementor-spacer-inner\"><\/div>\n\t\t<\/div>\n\t\t\t\t<\/div>\n\t\t\t\t<\/div>\n\t\t\t\t\t<\/div>\n\t\t<\/div>\n\t\t\t\t\t\t\t<\/div>\n\t\t<\/section>\n\t\t\t\t\t\t\t<\/div>\n\t\t","protected":false},"excerpt":{"rendered":"<p>Karayolu ile Bodrum\u2019a girerken sizi, \u00f6nce Halikarnas Bal\u0131k\u00e7\u0131s\u0131, Cevat \u015eakir Kabaa\u011fa\u00e7l\u0131\u2019n\u0131n sevimli \u00e7ehresi ve \u201cMerhaba, Yoku\u015fba\u015f\u0131na geldi\u011finde Bodrum&#8217;u g\u00f6receksin. Sanma ki sen geldi\u011fin gibi gideceksin. Senden \u00f6ncekiler de b\u00f6yle idiler. Ak\u0131llar\u0131n\u0131 hep Bodrum&#8217;da b\u0131rak\u0131p gittiler.\u201d s\u00f6zleri, ard\u0131ndan son viraj\u0131 d\u00f6nd\u00fc\u011f\u00fcn\u00fczde Bodrum Kalesi\u2019nin gizemli silueti kar\u015f\u0131lar. Denizden geldi\u011finizde ise, Bodrum Kalesi, b\u00fct\u00fcn heybeti ile Bodrum\u2019un koruyucusu &hellip; <\/p>\n<p class=\"link-more\"><a href=\"https:\/\/www.sanergulsoken.com\/en\/bodrum-sualti-arkeoloji-muzesi\/\" class=\"more-link\">Read more<span class=\"screen-reader-text\"> &#8220;Bodrum Sualt\u0131 Arkeoloji M\u00fczesi&#8221;<\/span><\/a><\/p>\n","protected":false},"author":1,"featured_media":1089,"parent":0,"menu_order":0,"comment_status":"closed","ping_status":"closed","template":"","meta":{"footnotes":""},"_links":{"self":[{"href":"https:\/\/www.sanergulsoken.com\/en\/wp-json\/wp\/v2\/pages\/431"}],"collection":[{"href":"https:\/\/www.sanergulsoken.com\/en\/wp-json\/wp\/v2\/pages"}],"about":[{"href":"https:\/\/www.sanergulsoken.com\/en\/wp-json\/wp\/v2\/types\/page"}],"author":[{"embeddable":true,"href":"https:\/\/www.sanergulsoken.com\/en\/wp-json\/wp\/v2\/users\/1"}],"replies":[{"embeddable":true,"href":"https:\/\/www.sanergulsoken.com\/en\/wp-json\/wp\/v2\/comments?post=431"}],"version-history":[{"count":0,"href":"https:\/\/www.sanergulsoken.com\/en\/wp-json\/wp\/v2\/pages\/431\/revisions"}],"wp:featuredmedia":[{"embeddable":true,"href":"https:\/\/www.sanergulsoken.com\/en\/wp-json\/wp\/v2\/media\/1089"}],"wp:attachment":[{"href":"https:\/\/www.sanergulsoken.com\/en\/wp-json\/wp\/v2\/media?parent=431"}],"curies":[{"name":"wp","href":"https:\/\/api.w.org\/{rel}","templated":true}]}}